{"id":6257,"date":"2025-09-17T16:57:31","date_gmt":"2025-09-17T19:57:31","guid":{"rendered":"https:\/\/studiodibea.com.br\/?post_type=evento&#038;p=6257"},"modified":"2025-09-17T16:57:31","modified_gmt":"2025-09-17T19:57:31","slug":"eima-international-2026","status":"publish","type":"evento","link":"https:\/\/studiodibea.com.br\/es\/evento\/eima-international-2026\/","title":{"rendered":"EIMA International 2026"},"content":{"rendered":"<p><strong>EIMA International 2026 \u2013 O futuro da agricultura em um s\u00f3 lugar<\/strong><\/p>\n<p>A agricultura global est\u00e1 vivendo uma revolu\u00e7\u00e3o: digitaliza\u00e7\u00e3o, automa\u00e7\u00e3o e sustentabilidade j\u00e1 n\u00e3o s\u00e3o tend\u00eancias \u2014<strong> s\u00e3o realidade.<\/strong> Quem se conecta a esse movimento garante competitividade e abre portas para mercados internacionais.<\/p>\n<p>Muitos produtores e empresas ainda acreditam que basta investir em maquin\u00e1rio local. O erro \u00e9 n\u00e3o acompanhar o que est\u00e1 acontecendo no cen\u00e1rio mundial: novas solu\u00e7\u00f5es que reduzem custos, aumentam a efici\u00eancia e atendem \u00e0s exig\u00eancias ambientais globais est\u00e3o sendo lan\u00e7adas em feiras internacionais como a <strong data-start=\"864\" data-end=\"886\">EIMA International<\/strong>.<\/p>\n<p data-start=\"891\" data-end=\"1081\">A <strong data-start=\"910\" data-end=\"932\">EIMA International<\/strong>, realizada a cada dois anos em <strong data-start=\"964\" data-end=\"983\">Bolonha, It\u00e1lia<\/strong>, \u00e9 uma das maiores e mais respeitadas feiras mundiais de <strong data-start=\"1041\" data-end=\"1078\">m\u00e1quinas e equipamentos agr\u00edcolas<\/strong>.<\/p>\n<ul data-start=\"1082\" data-end=\"1390\">\n<li data-start=\"1082\" data-end=\"1150\">\n<p data-start=\"1084\" data-end=\"1150\"><strong data-start=\"1084\" data-end=\"1103\">Pr\u00f3xima edi\u00e7\u00e3o:<\/strong> 10 a 14 de novembro de 2026, no BolognaFiere<\/p>\n<\/li>\n<li data-start=\"1151\" data-end=\"1191\">\n<p data-start=\"1153\" data-end=\"1191\"><strong data-start=\"1153\" data-end=\"1169\">Expositores:<\/strong> +1.748 de 50 pa\u00edses<\/p>\n<\/li>\n<li data-start=\"1192\" data-end=\"1253\">\n<p data-start=\"1194\" data-end=\"1253\"><strong data-start=\"1194\" data-end=\"1209\">Visitantes:<\/strong> +346.000, incluindo 40 mil internacionais<\/p>\n<\/li>\n<li data-start=\"1254\" data-end=\"1300\">\n<p data-start=\"1256\" data-end=\"1300\"><strong data-start=\"1256\" data-end=\"1293\">Delega\u00e7\u00f5es oficiais estrangeiras:<\/strong> ~400<\/p>\n<\/li>\n<li data-start=\"1301\" data-end=\"1390\">\n<p data-start=\"1303\" data-end=\"1390\"><strong data-start=\"1303\" data-end=\"1325\">\u00c1rea de exposi\u00e7\u00e3o:<\/strong> 122.000 m\u00b2, com mais de 60.000 modelos e produtos apresentados<\/p>\n<\/li>\n<\/ul>\n<p data-start=\"1392\" data-end=\"1415\">\ud83d\udd39 Setores tem\u00e1ticos:<\/p>\n<ul data-start=\"1416\" data-end=\"1659\">\n<li data-start=\"1416\" data-end=\"1478\">\n<p data-start=\"1418\" data-end=\"1478\">Agricultura de precis\u00e3o e tecnologia digital (<strong data-start=\"1464\" data-end=\"1475\">Digital<\/strong>)<\/p>\n<\/li>\n<li data-start=\"1479\" data-end=\"1519\">\n<p data-start=\"1481\" data-end=\"1519\">Componentes e pe\u00e7as (<strong data-start=\"1502\" data-end=\"1516\">Components<\/strong>)<\/p>\n<\/li>\n<li data-start=\"1520\" data-end=\"1569\">\n<p data-start=\"1522\" data-end=\"1569\">Bioenergia e energias renov\u00e1veis (<strong data-start=\"1556\" data-end=\"1566\">Energy<\/strong>)<\/p>\n<\/li>\n<li data-start=\"1570\" data-end=\"1615\">\n<p data-start=\"1572\" data-end=\"1615\">Irriga\u00e7\u00e3o e gest\u00e3o da \u00e1gua (<strong data-start=\"1600\" data-end=\"1612\">Idrotech<\/strong>)<\/p>\n<\/li>\n<li data-start=\"1616\" data-end=\"1659\">\n<p data-start=\"1618\" data-end=\"1659\">Jardinagem e espa\u00e7os verdes (<strong data-start=\"1647\" data-end=\"1656\">Green<\/strong>)<\/p>\n<\/li>\n<\/ul>\n<p data-start=\"1661\" data-end=\"1683\"><strong data-start=\"1661\" data-end=\"1681\">P\u00fablico da feira<\/strong><\/p>\n<ul data-start=\"1684\" data-end=\"2019\">\n<li data-start=\"1684\" data-end=\"1742\">\n<p data-start=\"1686\" data-end=\"1742\">Agricultores e empres\u00e1rios rurais em busca de inova\u00e7\u00e3o<\/p>\n<\/li>\n<li data-start=\"1743\" data-end=\"1794\">\n<p data-start=\"1745\" data-end=\"1794\">Ind\u00fastrias e fabricantes de maquin\u00e1rio agr\u00edcola<\/p>\n<\/li>\n<li data-start=\"1795\" data-end=\"1850\">\n<p data-start=\"1797\" data-end=\"1850\">Distribuidores, importadores e revendedores globais<\/p>\n<\/li>\n<li data-start=\"1851\" data-end=\"1904\">\n<p data-start=\"1853\" data-end=\"1904\">Engenheiros agr\u00f4nomos e profissionais de AgroTech<\/p>\n<\/li>\n<li data-start=\"1905\" data-end=\"1964\">\n<p data-start=\"1907\" data-end=\"1964\">Institui\u00e7\u00f5es e delega\u00e7\u00f5es governamentais internacionais<\/p>\n<\/li>\n<li data-start=\"1965\" data-end=\"2019\">\n<p data-start=\"1967\" data-end=\"2019\">Pesquisadores, universidades e centros de inova\u00e7\u00e3o<\/p>\n<\/li>\n<\/ul>\n<p data-start=\"2021\" data-end=\"2459\">\n<p data-start=\"2021\" data-end=\"2459\">Participar da EIMA n\u00e3o \u00e9 apenas visitar uma feira \u2014 \u00e9 <strong data-start=\"2115\" data-end=\"2179\">posicionar sua marca no cora\u00e7\u00e3o da inova\u00e7\u00e3o agr\u00edcola mundial<\/strong>.<br data-start=\"2180\" data-end=\"2183\" \/>O <strong data-start=\"2185\" data-end=\"2201\">Studio Dibea<\/strong> cuida de toda a curadoria: escolha do estande, log\u00edstica, reuni\u00f5es estrat\u00e9gicas com potenciais clientes e networking qualificado. Assim, sua empresa se conecta com os <strong data-start=\"2369\" data-end=\"2400\">tomadores de decis\u00e3o certos<\/strong> e amplia suas oportunidades no mercado europeu e global.<\/p>\n<p data-start=\"2461\" data-end=\"2632\">\ud83d\udc49 Se voc\u00ea atua no agroneg\u00f3cio e deseja expandir seus horizontes, fale com a gente. Vamos juntos transformar sua presen\u00e7a na EIMA em <strong data-start=\"2594\" data-end=\"2629\">colheitas de grandes resultados<\/strong>.<\/p>","protected":false},"excerpt":{"rendered":"<p>EIMA International 2026 \u2013 O futuro da agricultura em um s\u00f3 lugar A agricultura global est\u00e1 vivendo uma revolu\u00e7\u00e3o: digitaliza\u00e7\u00e3o, automa\u00e7\u00e3o e sustentabilidade j\u00e1 n\u00e3o s\u00e3o tend\u00eancias \u2014 s\u00e3o realidade. Quem se conecta a esse movimento garante competitividade e abre portas para mercados internacionais. Muitos produtores e empresas ainda acreditam que basta investir em maquin\u00e1rio [&hellip;]<\/p>","protected":false},"author":4,"featured_media":6258,"template":"","meta":{"_acf_changed":false,"_monsterinsights_skip_tracking":false,"_monsterinsights_sitenote_active":false,"_monsterinsights_sitenote_note":"","_monsterinsights_sitenote_category":0,"_joinchat":[],"footnotes":""},"tema":[212,208,214,216,209,215,211,213,210],"class_list":["post-6257","evento","type-evento","status-publish","has-post-thumbnail","hentry","tema-agricultura-de-precisao","tema-eima-international","tema-equipamentos-agricolas","tema-exportacao-agricola-brasil-europa","tema-feira-de-maquinas-agricolas","tema-feiras-internacionais-italia","tema-inovacao-no-agronegocio","tema-sustentabilidade-agricola","tema-tecnologia-agricola"],"acf":[],"_links":{"self":[{"href":"https:\/\/studiodibea.com.br\/es\/wp-json\/wp\/v2\/evento\/6257","targetHints":{"allow":["GET"]}}],"collection":[{"href":"https:\/\/studiodibea.com.br\/es\/wp-json\/wp\/v2\/evento"}],"about":[{"href":"https:\/\/studiodibea.com.br\/es\/wp-json\/wp\/v2\/types\/evento"}],"author":[{"embeddable":true,"href":"https:\/\/studiodibea.com.br\/es\/wp-json\/wp\/v2\/users\/4"}],"version-history":[{"count":1,"href":"https:\/\/studiodibea.com.br\/es\/wp-json\/wp\/v2\/evento\/6257\/revisions"}],"predecessor-version":[{"id":6259,"href":"https:\/\/studiodibea.com.br\/es\/wp-json\/wp\/v2\/evento\/6257\/revisions\/6259"}],"wp:featuredmedia":[{"embeddable":true,"href":"https:\/\/studiodibea.com.br\/es\/wp-json\/wp\/v2\/media\/6258"}],"wp:attachment":[{"href":"https:\/\/studiodibea.com.br\/es\/wp-json\/wp\/v2\/media?parent=6257"}],"wp:term":[{"taxonomy":"tema","embeddable":true,"href":"https:\/\/studiodibea.com.br\/es\/wp-json\/wp\/v2\/tema?post=6257"}],"curies":[{"name":"wp","href":"https:\/\/api.w.org\/{rel}","templated":true}]}}